{"id":61,"date":"2024-02-29T14:29:34","date_gmt":"2024-02-29T13:29:34","guid":{"rendered":"https:\/\/al-com.fr\/?page_id=61"},"modified":"2024-09-17T14:02:55","modified_gmt":"2024-09-17T12:02:55","slug":"faisons-connaissance","status":"publish","type":"page","link":"https:\/\/al-com.fr\/index.php\/faisons-connaissance\/","title":{"rendered":"Faisons connaissance !"},"content":{"rendered":"\n<div class=\"wp-block-group alignfull has-base-2-background-color has-background has-global-padding is-layout-constrained wp-container-core-group-is-layout-edc2874e wp-block-group-is-layout-constrained\" style=\"margin-top:0;margin-bottom:0;padding-top:var(--wp--preset--spacing--20);padding-right:var(--wp--preset--spacing--50);padding-bottom:var(--wp--preset--spacing--20);padding-left:var(--wp--preset--spacing--50)\">\n<div class=\"wp-block-columns alignwide is-layout-flex wp-container-core-columns-is-layout-1da03c2a wp-block-columns-is-layout-flex\">\n<div class=\"wp-block-column is-vertically-aligned-stretch is-layout-flow wp-block-column-is-layout-flow\" style=\"flex-basis:50%\">\n<div class=\"wp-block-group is-vertical is-content-justification-stretch is-layout-flex wp-container-core-group-is-layout-444d5ee8 wp-block-group-is-layout-flex\" style=\"min-height:100%\">\n<p class=\"has-heading-font-family has-x-large-font-size wp-container-content-9cfa9a5a\" style=\"line-height:1.4\">Moi c\u2019est Aude Lhoyer, je suis la fondatrice d&rsquo;AL Com qui vous accompagne dans la cr\u00e9ation et la mise en place de strat\u00e9gies de communication corporate et de marque sur mesure.<\/p>\n<\/div>\n<\/div>\n\n\n\n<div class=\"wp-block-column is-vertically-aligned-center is-layout-flow wp-block-column-is-layout-flow\" style=\"flex-basis:50%\">\n<figure class=\"wp-block-image aligncenter size-large is-resized has-custom-border is-style-default\"><img loading=\"lazy\" decoding=\"async\" width=\"2560\" height=\"2560\" src=\"https:\/\/al-com.fr\/wp-content\/uploads\/2024\/02\/Aude_Lhoyer_19-2-edited-1-scaled.jpg\" alt=\"\" class=\"wp-image-126\" style=\"border-radius:0px;aspect-ratio:1;object-fit:contain;width:auto;height:300px\" srcset=\"https:\/\/al-com.fr\/wp-content\/uploads\/2024\/02\/Aude_Lhoyer_19-2-edited-1-scaled.jpg 2560w, https:\/\/al-com.fr\/wp-content\/uploads\/2024\/02\/Aude_Lhoyer_19-2-edited-1-300x300.jpg 300w, https:\/\/al-com.fr\/wp-content\/uploads\/2024\/02\/Aude_Lhoyer_19-2-edited-1-1024x1024.jpg 1024w, https:\/\/al-com.fr\/wp-content\/uploads\/2024\/02\/Aude_Lhoyer_19-2-edited-1-150x150.jpg 150w, https:\/\/al-com.fr\/wp-content\/uploads\/2024\/02\/Aude_Lhoyer_19-2-edited-1-768x768.jpg 768w, https:\/\/al-com.fr\/wp-content\/uploads\/2024\/02\/Aude_Lhoyer_19-2-edited-1-1536x1536.jpg 1536w, https:\/\/al-com.fr\/wp-content\/uploads\/2024\/02\/Aude_Lhoyer_19-2-edited-1-2048x2048.jpg 2048w\" sizes=\"auto, (max-width: 2560px) 100vw, 2560px\" \/><\/figure>\n<\/div>\n<\/div>\n<\/div>\n\n\n\n<div class=\"wp-block-group alignfull has-base-background-color has-background has-global-padding is-layout-constrained wp-container-core-group-is-layout-d89aad35 wp-block-group-is-layout-constrained\" style=\"margin-top:0;margin-bottom:0;padding-top:var(--wp--preset--spacing--50);padding-right:var(--wp--preset--spacing--50);padding-bottom:var(--wp--preset--spacing--50);padding-left:var(--wp--preset--spacing--50);background-image:url(&apos;https:\/\/al-com.fr\/wp-content\/uploads\/2024\/04\/jess-bailey-5xjw079i6Q4-unsplash-scaled.jpg&apos;);background-size:cover;\">\n<div class=\"wp-block-columns alignwide is-layout-flex wp-container-core-columns-is-layout-549b0c86 wp-block-columns-is-layout-flex\">\n<div class=\"wp-block-column has-global-padding is-content-justification-left is-layout-constrained wp-container-core-column-is-layout-4f15e8fe wp-block-column-is-layout-constrained\" style=\"flex-basis:40%\"><\/div>\n\n\n\n<div class=\"wp-block-column is-layout-flow wp-container-core-column-is-layout-119bc444 wp-block-column-is-layout-flow\" style=\"flex-basis:60%\">\n<p class=\"has-heading-font-family has-x-large-font-size\" style=\"line-height:1.2\">Une exp\u00e9rience riche &#8230;<\/p>\n\n\n\n<div class=\"wp-block-columns is-layout-flex wp-container-core-columns-is-layout-87beb0d0 wp-block-columns-is-layout-flex\">\n<div class=\"wp-block-column is-layout-flow wp-block-column-is-layout-flow\">\n<p class=\"has-large-font-size\">Pour vous accompagner sur toutes vos probl\u00e9matiques de communication corporate et de marque je mets \u00e0 votre disposition mes 15 ann\u00e9es d\u2019exp\u00e9rience en communication en agence et en entreprise, dont 5 ann\u00e9es de responsable de marque.<\/p>\n<\/div>\n<\/div>\n<\/div>\n<\/div>\n<\/div>\n\n\n\n<div class=\"wp-block-cover alignfull has-parallax\" style=\"padding-top:var(--wp--preset--spacing--50);padding-right:var(--wp--preset--spacing--50);padding-bottom:var(--wp--preset--spacing--50);padding-left:var(--wp--preset--spacing--50);min-height:100vh;aspect-ratio:unset;\"><span aria-hidden=\"true\" class=\"wp-block-cover__background has-base-background-color has-background-dim-0 has-background-dim\"><\/span><div class=\"wp-block-cover__image-background wp-image-147 has-parallax\" style=\"background-position:50% 50%;background-image:url(http:\/\/al-com.fr\/wp-content\/uploads\/2024\/02\/federica-giusti-OPUvjflUsyo-unsplash-2-scaled.jpg)\"><\/div><div class=\"wp-block-cover__inner-container has-global-padding is-layout-constrained wp-container-core-cover-is-layout-e4fd886c wp-block-cover-is-layout-constrained\">\n<div style=\"height:500px\" aria-hidden=\"true\" class=\"wp-block-spacer\"><\/div>\n<\/div><\/div>\n\n\n\n<div class=\"wp-block-group alignfull has-base-background-color has-background has-global-padding is-layout-constrained wp-container-core-group-is-layout-27cbf7ab wp-block-group-is-layout-constrained\" style=\"border-width:32px;border-radius:0px;margin-top:0;margin-bottom:0;padding-top:var(--wp--preset--spacing--40);padding-right:var(--wp--preset--spacing--40);padding-bottom:var(--wp--preset--spacing--40);padding-left:var(--wp--preset--spacing--40)\">\n<h2 class=\"wp-block-heading has-text-align-center\">&#8230; au service des acteurs des services<br><\/h2>\n\n\n\n<div class=\"wp-block-columns alignwide is-layout-flex wp-container-core-columns-is-layout-5c84c3db wp-block-columns-is-layout-flex\" style=\"margin-top:0;margin-bottom:0\">\n<div class=\"wp-block-column is-layout-flow wp-container-core-column-is-layout-119bc444 wp-block-column-is-layout-flow\" style=\"flex-basis:100%\">\n<p class=\"has-text-align-center has-large-font-size\"><br>Finance, audit, conseil, assurance, asset management &#8230; Mon exp\u00e9rience aupr\u00e8s des entreprises BtoB du secteur des services m&rsquo;a apport\u00e9 une excellente connaissance de cet environnement.<\/p>\n\n\n\n<p class=\"has-text-align-center has-large-font-size\">C&rsquo;est pourquoi chez AL Com nous nous sommes sp\u00e9cialis\u00e9 dans l&rsquo;accompagnement des acteurs de ce secteur dont nous connaissons le march\u00e9, les enjeux, les clients et que nous comprenons. <br><\/p>\n<\/div>\n<\/div>\n\n\n\n<div class=\"wp-block-buttons is-content-justification-center is-layout-flex wp-container-core-buttons-is-layout-a89b3969 wp-block-buttons-is-layout-flex\">\n<div class=\"wp-block-button has-custom-font-size has-medium-font-size\"><a class=\"wp-block-button__link wp-element-button\" href=\"https:\/\/al-com.fr\/index.php\/contact\/\">Contactez-nous<\/a><\/div>\n<\/div>\n<\/div>\n\n\n\n<div class=\"wp-block-group alignfull has-accent-background-color has-background has-global-padding is-layout-constrained wp-container-core-group-is-layout-2bcd15f1 wp-block-group-is-layout-constrained\" style=\"margin-top:0;margin-bottom:0;padding-top:var(--wp--preset--spacing--30);padding-right:var(--wp--preset--spacing--40);padding-bottom:var(--wp--preset--spacing--30);padding-left:var(--wp--preset--spacing--40)\">\n<div class=\"wp-block-columns alignwide are-vertically-aligned-center is-layout-flex wp-container-core-columns-is-layout-47c06fe3 wp-block-columns-is-layout-flex\">\n<div class=\"wp-block-column is-vertically-aligned-center is-layout-flow wp-block-column-is-layout-flow\" style=\"flex-basis:50%\">\n<h2 class=\"wp-block-heading\">Une conviction<\/h2>\n\n\n\n<p class=\"has-large-font-size\"><br>Chez AL Com nous sommes convaincus qu&rsquo;un bon storytelling peut vous faire gagner des clients.<\/p>\n\n\n\n<p class=\"has-large-font-size\">Comment ? En vous diff\u00e9renciant de vos concurrents gr\u00e2ce \u00e0 ce petit suppl\u00e9ment d&rsquo;\u00e2me qui fera l&rsquo;ADN de votre marque, celui fera venir les clients chez vous pour une bonne raison.<\/p>\n\n\n\n<p class=\"has-large-font-size\">Nous ce qui nous fait vibrer c&rsquo;est d&rsquo;imaginer avec vous une histoire qui vous est propre et qui transformera votre communication pour atteindre vos objectifs !<\/p>\n<\/div>\n\n\n\n<div class=\"wp-block-column is-vertically-aligned-center is-layout-flow wp-block-column-is-layout-flow\" style=\"flex-basis:50%\">\n<figure class=\"wp-block-image size-full is-resized has-custom-border is-style-default\"><img loading=\"lazy\" decoding=\"async\" width=\"1709\" height=\"2560\" src=\"https:\/\/al-com.fr\/wp-content\/uploads\/2024\/04\/hannah-olinger-NXiIVnzBwZ8-unsplash-1-scaled.jpg\" alt=\"\" class=\"wp-image-224\" style=\"border-style:none;border-width:0px;border-radius:0px;aspect-ratio:3\/4;object-fit:cover;width:453px;height:auto\" srcset=\"https:\/\/al-com.fr\/wp-content\/uploads\/2024\/04\/hannah-olinger-NXiIVnzBwZ8-unsplash-1-scaled.jpg 1709w, https:\/\/al-com.fr\/wp-content\/uploads\/2024\/04\/hannah-olinger-NXiIVnzBwZ8-unsplash-1-200x300.jpg 200w, https:\/\/al-com.fr\/wp-content\/uploads\/2024\/04\/hannah-olinger-NXiIVnzBwZ8-unsplash-1-684x1024.jpg 684w, https:\/\/al-com.fr\/wp-content\/uploads\/2024\/04\/hannah-olinger-NXiIVnzBwZ8-unsplash-1-768x1151.jpg 768w, https:\/\/al-com.fr\/wp-content\/uploads\/2024\/04\/hannah-olinger-NXiIVnzBwZ8-unsplash-1-1025x1536.jpg 1025w, https:\/\/al-com.fr\/wp-content\/uploads\/2024\/04\/hannah-olinger-NXiIVnzBwZ8-unsplash-1-1367x2048.jpg 1367w\" sizes=\"auto, (max-width: 1709px) 100vw, 1709px\" \/><\/figure>\n<\/div>\n<\/div>\n\n\n\n<div class=\"wp-block-buttons is-content-justification-center is-layout-flex wp-container-core-buttons-is-layout-a89b3969 wp-block-buttons-is-layout-flex\">\n<div class=\"wp-block-button\"><a class=\"wp-block-button__link wp-element-button\" href=\"https:\/\/al-com.fr\/index.php\/contact\/\">Contactez-nous<\/a><\/div>\n<\/div>\n<\/div>\n\n\n\n<div class=\"wp-block-group alignwide has-global-padding is-layout-constrained wp-block-group-is-layout-constrained\">\n<div class=\"wp-block-group alignwide is-layout-flow wp-block-group-is-layout-flow\" style=\"padding-top:var(--wp--preset--spacing--20);padding-bottom:var(--wp--preset--spacing--20)\">\n<figure class=\"wp-block-image size-full is-resized\"><img decoding=\"async\" src=\"https:\/\/al-com.fr\/wp-content\/themes\/twentytwentyfour\/assets\/images\/icon-message.webp\" alt=\"\" style=\"width:40px;height:auto\"\/><\/figure>\n\n\n\n<hr class=\"wp-block-separator has-alpha-channel-opacity is-style-wide\"\/>\n\n\n\n<div class=\"wp-block-columns is-layout-flex wp-container-core-columns-is-layout-633352e7 wp-block-columns-is-layout-flex\" style=\"padding-top:var(--wp--preset--spacing--10)\">\n<div class=\"wp-block-column is-layout-flow wp-block-column-is-layout-flow\" style=\"flex-basis:57%\">\n<h2 class=\"wp-block-heading has-x-large-font-size\">Restons en contact.<\/h2>\n<\/div>\n\n\n\n<div class=\"wp-block-column is-layout-flow wp-block-column-is-layout-flow\" style=\"flex-basis:30%\">\n<div class=\"wp-block-group is-vertical is-layout-flex wp-container-core-group-is-layout-ea0cb840 wp-block-group-is-layout-flex\">\n<h3 class=\"wp-block-heading has-body-font-family has-medium-font-size\">Contact<\/h3>\n\n\n\n<p><a href=\"#\">aude.lhoyer@al-com.fr<\/a><\/p>\n<\/div>\n<\/div>\n\n\n\n<div class=\"wp-block-column is-layout-flow wp-block-column-is-layout-flow\" style=\"flex-basis:30%\">\n<div class=\"wp-block-columns is-not-stacked-on-mobile is-layout-flex wp-container-core-columns-is-layout-28f84493 wp-block-columns-is-layout-flex\">\n<div class=\"wp-block-column is-layout-flow wp-block-column-is-layout-flow\">\n<div class=\"wp-block-group is-vertical is-layout-flex wp-container-core-group-is-layout-ea0cb840 wp-block-group-is-layout-flex\">\n<h3 class=\"wp-block-heading has-body-font-family has-medium-font-size\">Suivre<\/h3>\n\n\n\n<p><a href=\"https:\/\/www.linkedin.com\/in\/audelhoyer\/\" target=\"_blank\" rel=\"noreferrer noopener\">Linkedin<\/a> <\/p>\n<\/div>\n<\/div>\n<\/div>\n<\/div>\n<\/div>\n\n\n\n<div style=\"height:var(--wp--preset--spacing--50)\" aria-hidden=\"true\" class=\"wp-block-spacer\"><\/div>\n\n\n\n<div class=\"wp-block-group is-content-justification-space-between is-layout-flex wp-container-core-group-is-layout-e5edad21 wp-block-group-is-layout-flex\">\n<div class=\"wp-block-group is-layout-flex wp-container-core-group-is-layout-fe1ad1e6 wp-block-group-is-layout-flex\">\n<p class=\"has-small-font-size\">\u00a9<\/p>\n\n\n<p style=\"font-style:normal;font-weight:400;\" class=\"wp-block-site-title has-small-font-size\"><a href=\"https:\/\/al-com.fr\" target=\"_self\" rel=\"home\">AL Com<\/a><\/p><\/div>\n\n\n\n<p class=\"has-small-font-size\"><\/p>\n<\/div>\n<\/div>\n<\/div>\n","protected":false},"excerpt":{"rendered":"<p>Moi c\u2019est Aude Lhoyer, je suis la fondatrice d&rsquo;AL Com qui vous accompagne dans la cr\u00e9ation et la mise en place de strat\u00e9gies de communication corporate et de marque sur mesure. Une exp\u00e9rience riche &#8230; Pour vous accompagner sur toutes vos probl\u00e9matiques de communication corporate et de marque je mets \u00e0 votre disposition mes 15 [&hellip;]<\/p>\n","protected":false},"author":1,"featured_media":0,"parent":0,"menu_order":0,"comment_status":"closed","ping_status":"closed","template":"","meta":{"footnotes":""},"class_list":["post-61","page","type-page","status-publish","hentry"],"_links":{"self":[{"href":"https:\/\/al-com.fr\/index.php\/wp-json\/wp\/v2\/pages\/61","targetHints":{"allow":["GET"]}}],"collection":[{"href":"https:\/\/al-com.fr\/index.php\/wp-json\/wp\/v2\/pages"}],"about":[{"href":"https:\/\/al-com.fr\/index.php\/wp-json\/wp\/v2\/types\/page"}],"author":[{"embeddable":true,"href":"https:\/\/al-com.fr\/index.php\/wp-json\/wp\/v2\/users\/1"}],"replies":[{"embeddable":true,"href":"https:\/\/al-com.fr\/index.php\/wp-json\/wp\/v2\/comments?post=61"}],"version-history":[{"count":21,"href":"https:\/\/al-com.fr\/index.php\/wp-json\/wp\/v2\/pages\/61\/revisions"}],"predecessor-version":[{"id":277,"href":"https:\/\/al-com.fr\/index.php\/wp-json\/wp\/v2\/pages\/61\/revisions\/277"}],"wp:attachment":[{"href":"https:\/\/al-com.fr\/index.php\/wp-json\/wp\/v2\/media?parent=61"}],"curies":[{"name":"wp","href":"https:\/\/api.w.org\/{rel}","templated":true}]}}